{"id":713,"date":"2016-12-25T14:38:23","date_gmt":"2016-12-25T12:38:23","guid":{"rendered":"http:\/\/harjunlaulu.fi\/?page_id=713"},"modified":"2025-12-28T19:12:02","modified_gmt":"2025-12-28T17:12:02","slug":"hallitus","status":"publish","type":"page","link":"https:\/\/harjunlaulu.fi\/?page_id=713","title":{"rendered":"Kuoron johto"},"content":{"rendered":"\n<h2 class=\"wp-block-heading\"><span style=\"font-family: Arial, serif;\"><b>Taiteellinen johto<\/b><\/span><\/h2>\n\n\n\n<p><span style=\"font-family: Arial, serif;\"><b>Kuoronjohtaja Tanja Iivarinen<\/b><\/span><\/p>\n\n\n\n<div class=\"wp-block-columns is-layout-flex wp-container-core-columns-is-layout-9d6595d7 wp-block-columns-is-layout-flex\">\n<div class=\"wp-block-column is-layout-flow wp-block-column-is-layout-flow\">\n<figure class=\"wp-block-image size-large is-resized\"><a href=\"https:\/\/harjunlaulu.fi\/wp-content\/uploads\/2025\/12\/TanjaIivarinen-scaled.jpg\"><img loading=\"lazy\" decoding=\"async\" width=\"768\" height=\"1024\" src=\"https:\/\/harjunlaulu.fi\/wp-content\/uploads\/2025\/12\/TanjaIivarinen-768x1024.jpg\" alt=\"\" class=\"wp-image-2062\" style=\"aspect-ratio:0.7500181409186562;width:296px;height:auto\" srcset=\"https:\/\/harjunlaulu.fi\/wp-content\/uploads\/2025\/12\/TanjaIivarinen-768x1024.jpg 768w, https:\/\/harjunlaulu.fi\/wp-content\/uploads\/2025\/12\/TanjaIivarinen-225x300.jpg 225w, https:\/\/harjunlaulu.fi\/wp-content\/uploads\/2025\/12\/TanjaIivarinen-1152x1536.jpg 1152w, https:\/\/harjunlaulu.fi\/wp-content\/uploads\/2025\/12\/TanjaIivarinen-1536x2048.jpg 1536w, https:\/\/harjunlaulu.fi\/wp-content\/uploads\/2025\/12\/TanjaIivarinen-scaled.jpg 1920w\" sizes=\"auto, (max-width: 768px) 100vw, 768px\" \/><\/a><\/figure>\n<\/div>\n\n\n\n<div class=\"wp-block-column is-layout-flow wp-block-column-is-layout-flow\">\n<p>Tanja aloitti kuoron taiteellisena johtajana syksyll\u00e4 2023. H\u00e4n on valmistunut&nbsp; musiikkipedagogiksi v. 2016 Centria-ammattikorkeakoulusta (Keski-Pohjanmaan ammattikorkeakoulu) ja suorittanut rytmimusiikin lauluopinnot. Tanja jatkoi opintojaan Jyv\u00e4skyl\u00e4ss\u00e4 ja valmistui kuoronjohtajaksi Jyv\u00e4skyl\u00e4n ammattikorkeakoulusta v. 2022 klassiseen musiikkiin painottuneista kuoronjohto-opinnoista.<\/p>\n<\/div>\n<\/div>\n\n\n\n<p><span style=\"font-family: Arial, serif;\"><b>Varajohtaja Chikako Ishiyama<\/b><\/span><\/p>\n\n\n<div class=\"wp-block-image\">\n<figure class=\"alignleft\"><a href=\"https:\/\/harjunlaulu.fi\/wp-content\/uploads\/2022\/01\/Chikako.jpg\"><img loading=\"lazy\" decoding=\"async\" width=\"300\" height=\"248\" src=\"https:\/\/harjunlaulu.fi\/wp-content\/uploads\/2022\/01\/Chikako-300x248.jpg\" alt=\"\" class=\"wp-image-1527\" title=\"Chikako Ishiyama\" srcset=\"https:\/\/harjunlaulu.fi\/wp-content\/uploads\/2022\/01\/Chikako-300x248.jpg 300w, https:\/\/harjunlaulu.fi\/wp-content\/uploads\/2022\/01\/Chikako.jpg 707w\" sizes=\"auto, (max-width: 300px) 100vw, 300px\" \/><\/a><\/figure>\n<\/div>\n\n\n<p>Chikako Ishiyama on valmistunut Japanissa Aichin taiteellisesta yliopistosta p\u00e4\u00e4aineena laulu. Opintoihin sis\u00e4ltyi my\u00f6s musiikkipedagin opinnot.<\/p>\n\n\n\n<p>Chikako on toiminut varajohtajana vuodesta 2014.<\/p>\n\n\n\n<p><span style=\"font-family: Arial, serif;\"><b><br><br><\/b><\/span><\/p>\n\n\n\n<p><\/p>\n\n\n\n<p><\/p>\n\n\n\n<h2 class=\"wp-block-heading\"><span style=\"font-family: Arial, serif;\"><b>Harjun Laulun hallitus kaudella 2025-2026<\/b><\/span><\/h2>\n\n\n\n<h3 class=\"wp-block-heading\">Puheenjohtaja Juha Souru (pj@harjunlaulu.fi)<br>Varapuheenjohtaja Markus Havisto<\/h3>\n\n\n\n<p><\/p>\n","protected":false},"excerpt":{"rendered":"<p>Taiteellinen johto Kuoronjohtaja Tanja Iivarinen Tanja aloitti kuoron taiteellisena johtajana syksyll\u00e4 2023. H\u00e4n on valmistunut&nbsp; musiikkipedagogiksi v. 2016 Centria-ammattikorkeakoulusta (Keski-Pohjanmaan ammattikorkeakoulu) ja suorittanut rytmimusiikin lauluopinnot. Tanja jatkoi opintojaan Jyv\u00e4skyl\u00e4ss\u00e4 ja valmistui kuoronjohtajaksi Jyv\u00e4skyl\u00e4n ammattikorkeakoulusta v. 2022 klassiseen musiikkiin painottuneista kuoronjohto-opinnoista. &hellip; <a href=\"https:\/\/harjunlaulu.fi\/?page_id=713\">Lue loppuun <span class=\"meta-nav\">&rarr;<\/span><\/a><\/p>\n","protected":false},"author":1,"featured_media":0,"parent":0,"menu_order":0,"comment_status":"closed","ping_status":"closed","template":"","meta":{"footnotes":""},"class_list":["post-713","page","type-page","status-publish","hentry"],"_links":{"self":[{"href":"https:\/\/harjunlaulu.fi\/index.php?rest_route=\/wp\/v2\/pages\/713","targetHints":{"allow":["GET"]}}],"collection":[{"href":"https:\/\/harjunlaulu.fi\/index.php?rest_route=\/wp\/v2\/pages"}],"about":[{"href":"https:\/\/harjunlaulu.fi\/index.php?rest_route=\/wp\/v2\/types\/page"}],"author":[{"embeddable":true,"href":"https:\/\/harjunlaulu.fi\/index.php?rest_route=\/wp\/v2\/users\/1"}],"replies":[{"embeddable":true,"href":"https:\/\/harjunlaulu.fi\/index.php?rest_route=%2Fwp%2Fv2%2Fcomments&post=713"}],"version-history":[{"count":45,"href":"https:\/\/harjunlaulu.fi\/index.php?rest_route=\/wp\/v2\/pages\/713\/revisions"}],"predecessor-version":[{"id":2079,"href":"https:\/\/harjunlaulu.fi\/index.php?rest_route=\/wp\/v2\/pages\/713\/revisions\/2079"}],"wp:attachment":[{"href":"https:\/\/harjunlaulu.fi\/index.php?rest_route=%2Fwp%2Fv2%2Fmedia&parent=713"}],"curies":[{"name":"wp","href":"https:\/\/api.w.org\/{rel}","templated":true}]}}